{"id":5909,"date":"2021-05-30T15:53:20","date_gmt":"2021-05-30T15:53:20","guid":{"rendered":"https:\/\/demo.harutheme.com\/frames\/?page_id=5909"},"modified":"2025-11-26T18:39:34","modified_gmt":"2025-11-26T17:39:34","slug":"about-us-2","status":"publish","type":"page","link":"https:\/\/composite-media-gbr.de\/en\/about-us-2\/","title":{"rendered":"About us"},"content":{"rendered":"\t\t<div data-elementor-type=\"wp-page\" data-elementor-id=\"5909\" class=\"elementor elementor-5909\">\n\t\t\t\t\t\t<section class=\"elementor-section elementor-top-section elementor-element elementor-element-ce2bb8d elementor-section-boxed elementor-section-height-default elementor-section-height-default\" data-id=\"ce2bb8d\" data-element_type=\"section\">\n\t\t\t\t\t\t<div class=\"elementor-container elementor-column-gap-extended\">\n\t\t\t\t\t<div class=\"elementor-column elementor-col-100 elementor-top-column elementor-element elementor-element-9f3218b\" data-id=\"9f3218b\" data-element_type=\"column\">\n\t\t\t<div class=\"elementor-widget-wrap elementor-element-populated\">\n\t\t\t\t\t\t<div class=\"elementor-element elementor-element-69c6d69 elementor-widget elementor-widget-text-editor\" data-id=\"69c6d69\" data-element_type=\"widget\" data-widget_type=\"text-editor.default\">\n\t\t\t\t<div class=\"elementor-widget-container\">\n\t\t\t\t\t\t\t\t\t<h1>Lass uns zusammen gro\u00dfes Kino machen!<\/h1>\n<p>Wir sind ein kleines, kreatives Film- und Multimedia-Studio in Schw\u00e4bisch Gm\u00fcnd, Deutschland. Seit unserer Gr\u00fcndung im Jahr 2009 bieten wir in vielen Bereichen rund um Video- &amp; Filmproduktion, Postproduktion, Werbung, Visual Effects und Multimediaproduktion unsere Dienstleistungen an. Wir haben unglaublich viel Spa\u00df und Freude daran, beeindruckende Bildern, gro\u00dfe Geschichten, bewegende Emotionen und mitrei\u00dfende Kl\u00e4ngen zu erschaffen. Wir lieben es, wenn es rumst und wumst und freuen uns,<span style=\"color: var( --e-global-color-text ); font-family: var( --e-global-typography-text-font-family ), Sans-serif; font-weight: var( --e-global-typography-text-font-weight );\"> durch hochwertiges Equipment und neue Erfahrungen ein stets wachsendes Ma\u00df an Qualit\u00e4t liefern zu k\u00f6nnen.<\/span><\/p>\n<p>Oft endet unser Service nicht nur beim Bewegtbild, denn durch zus\u00e4tzliche F\u00e4higkeiten und Erfahrungen in den Bereichen Programmierung, Web, Games, Print, Multimedia- und Veranstaltungstechnik verstehen wir\u00a0 uns als Generalisten, die auch vielschichtige multimediale Gesamtpakete liefern k\u00f6nnen.<\/p>\n<p>Wir arbeiten mit Partnern und talentierten Filmemachern aus aller Welt zusammen und freuen uns darauf, auch mit Dir zusammenzuarbeiten.<\/p>\t\t\t\t\t\t\t\t<\/div>\n\t\t\t\t<\/div>\n\t\t\t\t\t<\/div>\n\t\t<\/div>\n\t\t\t\t\t<\/div>\n\t\t<\/section>\n\t\t\t\t<section class=\"elementor-section elementor-top-section elementor-element elementor-element-36c9b4a7 elementor-section-boxed elementor-section-height-default elementor-section-height-default\" data-id=\"36c9b4a7\" data-element_type=\"section\">\n\t\t\t\t\t\t<div class=\"elementor-container elementor-column-gap-extended\">\n\t\t\t\t\t<div class=\"elementor-column elementor-col-100 elementor-top-column elementor-element elementor-element-4b082d37\" data-id=\"4b082d37\" data-element_type=\"column\">\n\t\t\t<div class=\"elementor-widget-wrap elementor-element-populated\">\n\t\t\t\t\t\t<div class=\"elementor-element elementor-element-31a8f706 grid-columns-3 grid-columns--tablet2 grid-columns--mobile1 elementor-widget elementor-widget-haru-person-featured\" data-id=\"31a8f706\" data-element_type=\"widget\" data-widget_type=\"haru-person-featured.default\">\n\t\t\t\t<div class=\"elementor-widget-container\">\n\t\t\t\t\t            \n                            <div class=\"haru-person-featured haru-person-featured--slick haru-person-featured--padding\" id=\"haru-person-featured669326125\" data-settings=\"{&quot;posts_per_page&quot;:5,&quot;person_padding&quot;:&quot;padding&quot;,&quot;slidesToShow&quot;:&quot;4&quot;,&quot;slidesToShow_tablet&quot;:&quot;3&quot;,&quot;slidesToShow_mobile&quot;:&quot;1&quot;,&quot;slidesToScroll&quot;:&quot;1&quot;,&quot;slidesToScroll_tablet&quot;:&quot;1&quot;,&quot;slidesToScroll_mobile&quot;:&quot;1&quot;,&quot;columns&quot;:&quot;3&quot;,&quot;columns_tablet&quot;:&quot;2&quot;,&quot;columns_mobile&quot;:&quot;1&quot;,&quot;persons_ids&quot;:null,&quot;layout&quot;:&quot;slick&quot;,&quot;post_type&quot;:&quot;haru_person&quot;,&quot;person_category_ids&quot;:&quot;&quot;,&quot;post__not_in&quot;:&quot;&quot;,&quot;orderby&quot;:&quot;date&quot;,&quot;order&quot;:&quot;desc&quot;,&quot;el_class&quot;:&quot;&quot;,&quot;background_dark&quot;:&quot;no&quot;,&quot;person_style&quot;:&quot;style-1&quot;,&quot;arrows&quot;:&quot;yes&quot;,&quot;center_mode&quot;:&quot;no&quot;,&quot;person_filter&quot;:&quot;hide&quot;,&quot;_title&quot;:&quot;&quot;,&quot;_element_width&quot;:&quot;&quot;,&quot;_element_width_tablet&quot;:&quot;&quot;,&quot;_element_width_mobile&quot;:&quot;&quot;,&quot;_position&quot;:&quot;&quot;,&quot;_element_id&quot;:&quot;&quot;,&quot;_css_classes&quot;:&quot;&quot;,&quot;_element_cache&quot;:&quot;&quot;,&quot;trp_language_restriction&quot;:&quot;&quot;,&quot;trp_language_restriction_automatic_translation&quot;:&quot;&quot;,&quot;trp_restricted_languages&quot;:&quot;&quot;,&quot;trp_exclude_handler&quot;:&quot;&quot;,&quot;trp_excluded_languages&quot;:&quot;&quot;,&quot;_animation&quot;:&quot;&quot;,&quot;_animation_tablet&quot;:&quot;&quot;,&quot;_animation_mobile&quot;:&quot;&quot;,&quot;animation_duration&quot;:null,&quot;_animation_delay&quot;:null,&quot;_transform_rotate_popover&quot;:&quot;&quot;,&quot;_transform_rotateZ_effect&quot;:null,&quot;_transform_rotateZ_effect_tablet&quot;:null,&quot;_transform_rotateZ_effect_mobile&quot;:null,&quot;_transform_rotate_3d&quot;:null,&quot;_transform_rotateX_effect&quot;:null,&quot;_transform_rotateX_effect_tablet&quot;:null,&quot;_transform_rotateX_effect_mobile&quot;:null,&quot;_transform_rotateY_effect&quot;:null,&quot;_transform_rotateY_effect_tablet&quot;:null,&quot;_transform_rotateY_effect_mobile&quot;:null,&quot;_transform_perspective_effect&quot;:null,&quot;_transform_perspective_effect_tablet&quot;:null,&quot;_transform_perspective_effect_mobile&quot;:null,&quot;_transform_translate_popover&quot;:&quot;&quot;,&quot;_transform_translateX_effect&quot;:null,&quot;_transform_translateX_effect_tablet&quot;:null,&quot;_transform_translateX_effect_mobile&quot;:null,&quot;_transform_translateY_effect&quot;:null,&quot;_transform_translateY_effect_tablet&quot;:null,&quot;_transform_translateY_effect_mobile&quot;:null,&quot;_transform_scale_popover&quot;:&quot;&quot;,&quot;_transform_keep_proportions&quot;:&quot;yes&quot;,&quot;_transform_scale_effect&quot;:null,&quot;_transform_scale_effect_tablet&quot;:null,&quot;_transform_scale_effect_mobile&quot;:null,&quot;_transform_scaleX_effect&quot;:null,&quot;_transform_scaleX_effect_tablet&quot;:null,&quot;_transform_scaleX_effect_mobile&quot;:null,&quot;_transform_scaleY_effect&quot;:null,&quot;_transform_scaleY_effect_tablet&quot;:null,&quot;_transform_scaleY_effect_mobile&quot;:null,&quot;_transform_skew_popover&quot;:&quot;&quot;,&quot;_transform_skewX_effect&quot;:null,&quot;_transform_skewX_effect_tablet&quot;:null,&quot;_transform_skewX_effect_mobile&quot;:null,&quot;_transform_skewY_effect&quot;:null,&quot;_transform_skewY_effect_tablet&quot;:null,&quot;_transform_skewY_effect_mobile&quot;:null,&quot;_transform_flipX_effect&quot;:&quot;&quot;,&quot;_transform_flipY_effect&quot;:&quot;&quot;,&quot;_transform_rotate_popover_hover&quot;:&quot;&quot;,&quot;_transform_rotateZ_effect_hover&quot;:null,&quot;_transform_rotateZ_effect_hover_tablet&quot;:null,&quot;_transform_rotateZ_effect_hover_mobile&quot;:null,&quot;_transform_rotate_3d_hover&quot;:null,&quot;_transform_rotateX_effect_hover&quot;:null,&quot;_transform_rotateX_effect_hover_tablet&quot;:null,&quot;_transform_rotateX_effect_hover_mobile&quot;:null,&quot;_transform_rotateY_effect_hover&quot;:null,&quot;_transform_rotateY_effect_hover_tablet&quot;:null,&quot;_transform_rotateY_effect_hover_mobile&quot;:null,&quot;_transform_perspective_effect_hover&quot;:null,&quot;_transform_perspective_effect_hover_tablet&quot;:null,&quot;_transform_perspective_effect_hover_mobile&quot;:null,&quot;_transform_translate_popover_hover&quot;:&quot;&quot;,&quot;_transform_translateX_effect_hover&quot;:null,&quot;_transform_translateX_effect_hover_tablet&quot;:null,&quot;_transform_translateX_effect_hover_mobile&quot;:null,&quot;_transform_translateY_effect_hover&quot;:null,&quot;_transform_translateY_effect_hover_tablet&quot;:null,&quot;_transform_translateY_effect_hover_mobile&quot;:null,&quot;_transform_scale_popover_hover&quot;:&quot;&quot;,&quot;_transform_keep_proportions_hover&quot;:&quot;yes&quot;,&quot;_transform_scale_effect_hover&quot;:null,&quot;_transform_scale_effect_hover_tablet&quot;:null,&quot;_transform_scale_effect_hover_mobile&quot;:null,&quot;_transform_scaleX_effect_hover&quot;:null,&quot;_transform_scaleX_effect_hover_tablet&quot;:null,&quot;_transform_scaleX_effect_hover_mobile&quot;:null,&quot;_transform_scaleY_effect_hover&quot;:null,&quot;_transform_scaleY_effect_hover_tablet&quot;:null,&quot;_transform_scaleY_effect_hover_mobile&quot;:null,&quot;_transform_skew_popover_hover&quot;:&quot;&quot;,&quot;_transform_skewX_effect_hover&quot;:null,&quot;_transform_skewX_effect_hover_tablet&quot;:null,&quot;_transform_skewX_effect_hover_mobile&quot;:null,&quot;_transform_skewY_effect_hover&quot;:null,&quot;_transform_skewY_effect_hover_tablet&quot;:null,&quot;_transform_skewY_effect_hover_mobile&quot;:null,&quot;_transform_flipX_effect_hover&quot;:&quot;&quot;,&quot;_transform_flipY_effect_hover&quot;:&quot;&quot;,&quot;_background_color&quot;:null,&quot;_background_color_b&quot;:null,&quot;_background_image&quot;:null,&quot;_background_video_link&quot;:null,&quot;_background_video_start&quot;:null,&quot;_background_video_end&quot;:null,&quot;_background_play_once&quot;:null,&quot;_background_play_on_mobile&quot;:null,&quot;_background_privacy_mode&quot;:null,&quot;_background_slideshow_gallery&quot;:null,&quot;_background_slideshow_loop&quot;:null,&quot;_background_slideshow_slide_duration&quot;:null,&quot;_background_slideshow_slide_transition&quot;:null,&quot;_background_slideshow_transition_duration&quot;:null,&quot;_background_slideshow_lazyload&quot;:null,&quot;_background_slideshow_ken_burns&quot;:null,&quot;_background_slideshow_ken_burns_zoom_direction&quot;:null,&quot;_background_hover_color&quot;:null,&quot;_background_hover_color_b&quot;:null,&quot;_background_hover_image&quot;:null,&quot;_background_hover_video_link&quot;:null,&quot;_background_hover_video_start&quot;:null,&quot;_background_hover_video_end&quot;:null,&quot;_background_hover_play_once&quot;:null,&quot;_background_hover_play_on_mobile&quot;:null,&quot;_background_hover_privacy_mode&quot;:null,&quot;_background_hover_slideshow_gallery&quot;:null,&quot;_background_hover_slideshow_loop&quot;:null,&quot;_background_hover_slideshow_slide_duration&quot;:null,&quot;_background_hover_slideshow_slide_transition&quot;:null,&quot;_background_hover_slideshow_transition_duration&quot;:null,&quot;_background_hover_slideshow_lazyload&quot;:null,&quot;_background_hover_slideshow_ken_burns&quot;:null,&quot;_background_hover_slideshow_ken_burns_zoom_direction&quot;:null,&quot;_mask_switch&quot;:&quot;&quot;,&quot;hide_desktop&quot;:&quot;&quot;,&quot;hide_tablet&quot;:&quot;&quot;,&quot;hide_mobile&quot;:&quot;&quot;}\">\n                    \n    <div class=\"person-list haru-slick haru-slick--nav-opacity haru-slick--nav-center\" data-slick='{\"slidesToShow\" : 4, \"slidesToScroll\" : 1, \"arrows\" : true, \"infinite\" : false, \"centerMode\" : false, \"centerPadding\": \"10%\", \"focusOnSelect\" : true, \"vertical\" : false, \"responsive\" : [{\"breakpoint\" : 991,\"settings\" : {\"slidesToShow\" : 3, \"slidesToScroll\" : 1}}, {\"breakpoint\" : 767,\"settings\" : {\"slidesToShow\" : 1, \"slidesToScroll\" : 1}}] }'>\n        <article class=\"grid-item person-item person-item--style-1 person-7795 action frames harutheme \">\n    <div class=\"person-item__thumbnail\">\n        <a href=\"https:\/\/composite-media-gbr.de\/en\/person\/kornelius-scheel\/\" class=\"person-item__thumbnail-link\">\n                            <img fetchpriority=\"high\" decoding=\"async\" width=\"465\" height=\"605\" src=\"https:\/\/composite-media-gbr.de\/wp-content\/uploads\/2021\/06\/kornelius_scheel.png\" class=\"attachment-post-thumbnail size-post-thumbnail wp-post-image\" alt=\"\" srcset=\"https:\/\/composite-media-gbr.de\/wp-content\/uploads\/2021\/06\/kornelius_scheel.png 465w, https:\/\/composite-media-gbr.de\/wp-content\/uploads\/2021\/06\/kornelius_scheel-231x300.png 231w, https:\/\/composite-media-gbr.de\/wp-content\/uploads\/2021\/06\/kornelius_scheel-9x12.png 9w\" sizes=\"(max-width: 465px) 100vw, 465px\" \/>                    <\/a>\n                                <div class=\"person-item__social\">\n                <ul class=\"person-item__social-list\">\n                                    <li class=\"person-item__social-item\">\n                        <a href=\"https:\/\/www.imdb.com\/name\/nm6155671\/\"><i class=\"fa fa-imdb\"><\/i><\/a>\n                    <\/li>\n                                    <li class=\"person-item__social-item\">\n                        <a href=\"https:\/\/www.linkedin.com\/in\/kornelius-s-a5166311b\/\"><i class=\"fa fa-linkedin\"><\/i><\/a>\n                    <\/li>\n                                    <li class=\"person-item__social-item\">\n                        <a href=\"https:\/\/www.facebook.com\/kornelius.scheel\"><i class=\"fa fa-facebook\"><\/i><\/a>\n                    <\/li>\n                                <\/ul>\n            <\/div>\n                        <\/div>\n    <div class=\"person-item__content\">\n        <h6 class=\"person-item__title\"><a href=\"https:\/\/composite-media-gbr.de\/en\/person\/kornelius-scheel\/\">Kornelius Scheel<\/a><\/h6>\n        <div class=\"person-item__category\"><a href=\"https:\/\/composite-media-gbr.de\/en\/person-category\/action\/\" rel=\"tag\">Action<\/a>, <a href=\"https:\/\/composite-media-gbr.de\/en\/person-category\/frames\/\" rel=\"tag\">Frames<\/a>, <a href=\"https:\/\/composite-media-gbr.de\/en\/person-category\/harutheme\/\" rel=\"tag\">HaruTheme<\/a><\/div>\n        <div class=\"person-item__meta\">\n            <div class=\"person-item__known-for\">Co-Gr\u00fcnder, Digital Media Artist<\/div>\n        <\/div>\n        <div class=\"person-item__desc\">\n            Kornelius hat schon seit seiner Kindheit ein immenses Interesse an der Filmproduktion. Nachdem er zusammen mit seinem besten Freund Stefan Friedel im Jahr 2009 Gewerbe als Composite Media GbR anmeldete, begannen die beiden anfangs mit kleineren Videoproduktionen, Veranstaltungs- und Hochzeitsvideos. Schnell wechselte ihr Fokus jedoch auf Visual Effects. In den...        <\/div>\n        <div class=\"person-item__more\">\n            <a href=\"https:\/\/composite-media-gbr.de\/en\/person\/kornelius-scheel\/\" class=\"haru-button haru-button--size-medium haru-button--bg-black haru-button--round-normal\">Detail<\/a>\n        <\/div>\n\n            <\/div>\n<\/article>\n<article class=\"grid-item person-item person-item--style-1 person-7779 action frames harutheme \">\n    <div class=\"person-item__thumbnail\">\n        <a href=\"https:\/\/composite-media-gbr.de\/en\/person\/stefan-friedel\/\" class=\"person-item__thumbnail-link\">\n                            <img decoding=\"async\" width=\"465\" height=\"605\" src=\"https:\/\/composite-media-gbr.de\/wp-content\/uploads\/2021\/06\/stefan_friedel.png\" class=\"attachment-post-thumbnail size-post-thumbnail wp-post-image\" alt=\"\" srcset=\"https:\/\/composite-media-gbr.de\/wp-content\/uploads\/2021\/06\/stefan_friedel.png 465w, https:\/\/composite-media-gbr.de\/wp-content\/uploads\/2021\/06\/stefan_friedel-231x300.png 231w, https:\/\/composite-media-gbr.de\/wp-content\/uploads\/2021\/06\/stefan_friedel-9x12.png 9w\" sizes=\"(max-width: 465px) 100vw, 465px\" \/>                    <\/a>\n                                <div class=\"person-item__social\">\n                <ul class=\"person-item__social-list\">\n                                    <li class=\"person-item__social-item\">\n                        <a href=\"https:\/\/www.imdb.com\/name\/nm6200080\/\"><i class=\"fa fa-imdb\"><\/i><\/a>\n                    <\/li>\n                                    <li class=\"person-item__social-item\">\n                        <a href=\"https:\/\/www.linkedin.com\/in\/stefan-friedel-967269220\/\"><i class=\"fa fa-linkedin\"><\/i><\/a>\n                    <\/li>\n                                <\/ul>\n            <\/div>\n                        <\/div>\n    <div class=\"person-item__content\">\n        <h6 class=\"person-item__title\"><a href=\"https:\/\/composite-media-gbr.de\/en\/person\/stefan-friedel\/\">Stefan Friedel<\/a><\/h6>\n        <div class=\"person-item__category\"><a href=\"https:\/\/composite-media-gbr.de\/en\/person-category\/action\/\" rel=\"tag\">Action<\/a>, <a href=\"https:\/\/composite-media-gbr.de\/en\/person-category\/frames\/\" rel=\"tag\">Frames<\/a>, <a href=\"https:\/\/composite-media-gbr.de\/en\/person-category\/harutheme\/\" rel=\"tag\">HaruTheme<\/a><\/div>\n        <div class=\"person-item__meta\">\n            <div class=\"person-item__known-for\">CO-GR\u00dcNDER, DIGITAL MEDIA ARTIST<\/div>\n        <\/div>\n        <div class=\"person-item__desc\">\n            Stefan gr\u00fcndete 2009 zusammen mit Kornelius die Composite Media GbR. Er hat Mechatronik studiert, doch bereits neben seinem Studium widmete er sich zusammen mit Kornelius intensiv dem Thema Film &amp; Video. Die beiden haben zahlreiche N\u00e4chte mit Video- und VFX-Projekten zugebracht. Stefan ist Unternehmer ist zudem zusammen mit seinem Vater...        <\/div>\n        <div class=\"person-item__more\">\n            <a href=\"https:\/\/composite-media-gbr.de\/en\/person\/stefan-friedel\/\" class=\"haru-button haru-button--size-medium haru-button--bg-black haru-button--round-normal\">Detail<\/a>\n        <\/div>\n\n            <\/div>\n<\/article>\n            <\/div>\n\n                <\/div>\n            \n            \t\t\t\t<\/div>\n\t\t\t\t<\/div>\n\t\t\t\t\t<\/div>\n\t\t<\/div>\n\t\t\t\t\t<\/div>\n\t\t<\/section>\n\t\t\t\t<section class=\"elementor-section elementor-top-section elementor-element elementor-element-ff6cb5b elementor-section-boxed elementor-section-height-default elementor-section-height-default\" data-id=\"ff6cb5b\" data-element_type=\"section\">\n\t\t\t\t\t\t<div class=\"elementor-container elementor-column-gap-extended\">\n\t\t\t\t\t<div class=\"elementor-column elementor-col-100 elementor-top-column elementor-element elementor-element-a68ea0a\" data-id=\"a68ea0a\" data-element_type=\"column\">\n\t\t\t<div class=\"elementor-widget-wrap elementor-element-populated\">\n\t\t\t\t\t\t<div class=\"elementor-element elementor-element-044dff0 elementor-widget elementor-widget-text-editor\" data-id=\"044dff0\" data-element_type=\"widget\" data-widget_type=\"text-editor.default\">\n\t\t\t\t<div class=\"elementor-widget-container\">\n\t\t\t\t\t\t\t\t\t<h2>Unsere Geschichte<\/h2>\t\t\t\t\t\t\t\t<\/div>\n\t\t\t\t<\/div>\n\t\t\t\t<div class=\"elementor-element elementor-element-f33493c elementor-widget elementor-widget-text-editor\" data-id=\"f33493c\" data-element_type=\"widget\" data-widget_type=\"text-editor.default\">\n\t\t\t\t<div class=\"elementor-widget-container\">\n\t\t\t\t\t\t\t\t\t<h3 style=\"text-align: left;\">Wie alles begann&#8230;<\/h3>\n<p style=\"text-align: left;\">Unser Interesse am Film reicht teilweise zur\u00fcck bis in unsere Kindheit. Sp\u00e4ter als Jugendliche drehten wir mithilfe von Computerspielen animierte Kurzfilme und hatten immer eine riesige Begeisterung daf\u00fcr, mit Bildern Geschichten zu erz\u00e4hlen. Als \u00fcberzeugte Christen wurde es uns auch schon damals ein Anliegen, unseren Glauben durch Film zu teilen. Als wir im Jahre 2009 Kornis Abiball (den Abiball des Technischen Gymnasiums Schw\u00e4bisch Gm\u00fcnd) mit vier Kameras filmten, um ein Andenken an den Abend zu haben, kam uns die Idee, \u00e4hnliche Projekte auch weiterhin neben dem Studium zu machen. Damit alles seine Ordnung hat, fanden wir uns einige Tage sp\u00e4ter auf dem Gewerbeamt wieder, um als Composite Media GbR Gewerbe anzumelden. Nach einigen Mehrkameraaufnahmen von Abschlussfeiern, Bandauftritten und Hochzeiten gewannen wir immer mehr Freude an der Arbeit. Nach und nach konnten wir uns eigenes Equipment anschaffen, um nicht auf die Verf\u00fcgbarkeit von Leihequipment angewiesen zu sein. Unser Spektrum weitete sich dann auf Werbevideos, Kinowerbung, Untertitel\u00fcbersetzungen und Videoproduktionen aller Art aus.<\/p>\n<h3 style=\"text-align: left;\"><strong>Der Weg zum Film und in die Visual Effects&#8230;<\/strong><\/h3>\n<p style=\"text-align: left;\">Ab dem Jahr 2012 begannen wir schlie\u00dflich, uns verst\u00e4rkt mit dem Thema Visual Effects, Compositing und Animation zu befassen. Korni nutzte nach seinem Bachelorabschluss 2013 in Medieninformatik die wundervolle sich ihm bietende Gelegenheit, an der Hochschule der Medien in Stuttgart sein Filmwissen zu vertiefen und begann sein Masterstudium. Unser Wunsch, an szenischen Filmproduktionen mitzuarbeiten wuchs stetig und so auch unser Traum, irgendwann eigene narrative Filme mit relevanten Botschaften zu produzieren. Wir bekamen einige wunderbare Gelegenheiten an den visuellen Effekten f\u00fcr etliche Kurz-, Spiel- und sogar Kinofilme mitzuarbeiten. Unser erstes gro\u00dfes VFX-Projekt war 2014 der amerikanische christliche Kinofilm &#8220;Beyond the Mask&#8221;. Kurz darauf folgten weitere Filme wie &#8220;Polycarp&#8221; und &#8220;Woodlawn&#8221;. Im Jahr 2016 erhielt Korni schlie\u00dflich seinen Masterabschluss. 2017 bekamen wir die Gelegenheit f\u00fcr den deutschen Mannaplace-Kurzfilm &#8220;Kannst du mich h\u00f6ren?&#8221; die komplette Visual-Effects- und CG-Arbeit zu \u00fcbernehmen. Verschiedenste andere Projekte wie Kinospots, Immobilienvideos, Hochzeitsfilme, Werbevideos, Webauftritte und vieles mehr begleiteten uns dar\u00fcber hinaus \u00fcber die Jahre.<\/p>\n<h3>Was wir heute machen&#8230;<\/h3>\n<p style=\"text-align: left;\">Mittlerweile freuen wir uns, ein relativ breites Spektrum an Film-, Video- und Postproduktionsleistungen anbieten zu k\u00f6nnen und durch hochwertiges Equipment und neue Erfahrungen ein stets wachsendes Ma\u00df an Qualit\u00e4t liefern zu k\u00f6nnen. Dar\u00fcber hinaus endet unser Service oft nicht nur beim Bewegtbild, denn durch zus\u00e4tzliche F\u00e4higkeiten und Erfahrung in den Bereichen Programmierung, Web, Games, Signage, Print und Veranstaltungstechnik verstehen wir\u00a0 uns als Generalisten, die auch vielschichtige multimediale Gesamtpakete liefern k\u00f6nnen. Wir sind sehr dankbar f\u00fcr das was aus der spontanen Idee entstanden ist, was wir durch unsere Arbeit alles erleben und lernen durften. Noch mehr aber freuen wir uns auf das was noch vor uns liegt. Besonders im Bereich Film sind wir sehr gespannt was uns noch erwartet. Bei all den interessanten Erfahrungen die wir machen durften, macht es uns immer noch am meisten Freude, wenn am Ende der Auftraggeber vom Ergebnis genau so begeistert ist wie wir.\u00a0<\/p>\n<h3 style=\"text-align: left;\">Wie geht es weiter&#8230;<\/h3>\n<p style=\"text-align: left;\">Als \u00fcberzeugte und begeisterte Christen ist es uns seit Anfang an ein Anliegen, unsere Arbeit in Gottes Reich zu investieren. Wir m\u00f6chten Filme unterst\u00fctzen, die Geschichten der Hoffnung erz\u00e4hlen und die frohe Botschaft von Gottes Liebe weitergeben. Unser gro\u00dfer Traum ist es nach wie vor, auch eigene Filmprojekte auf den Weg zu bringen. Seit dem Jahr 2019 ist dieser Traum in greifbare N\u00e4he ger\u00fcckt und es gibt ein eigenes Projekt, an dem wir momentan arbeiten. Zudem haben wir seit 2021 neue, bestens ausgestattete R\u00e4umlichkeiten, um in Zukunft noch kreativer und effektiver sein zu k\u00f6nnen.<\/p>\t\t\t\t\t\t\t\t<\/div>\n\t\t\t\t<\/div>\n\t\t\t\t\t<\/div>\n\t\t<\/div>\n\t\t\t\t\t<\/div>\n\t\t<\/section>\n\t\t\t\t<section class=\"elementor-section elementor-top-section elementor-element elementor-element-518d960 elementor-section-boxed elementor-section-height-default elementor-section-height-default\" data-id=\"518d960\" data-element_type=\"section\">\n\t\t\t\t\t\t<div class=\"elementor-container elementor-column-gap-extended\">\n\t\t\t\t\t<div class=\"elementor-column elementor-col-100 elementor-top-column elementor-element elementor-element-4ef7ed2\" data-id=\"4ef7ed2\" data-element_type=\"column\">\n\t\t\t<div class=\"elementor-widget-wrap elementor-element-populated\">\n\t\t\t\t\t\t<div class=\"elementor-element elementor-element-27e3ee3 elementor-widget elementor-widget-haru-timeline\" data-id=\"27e3ee3\" data-element_type=\"widget\" data-widget_type=\"haru-timeline.default\">\n\t\t\t\t<div class=\"elementor-widget-container\">\n\t\t\t\t\t\n        \t\t\t        \t<div class=\"haru-timeline haru-timeline--style-1\">\n\t\t                \t\t\t<div class=\"timeline-slider-nav\" \n\t\t\tdata-slick='{\"slidesToShow\" : 4, \"slidesToScroll\" : 1, \"arrows\" : false, \"infinite\" : false, \"centerMode\" : false, \"focusOnSelect\" : true, \"vertical\" : false, \"asNavFor\" : \".timeline-slider-for\", \"responsive\" : [{\"breakpoint\" : 991,\"settings\" : {\"slidesToShow\" : 2, \"slidesToScroll\" : 1}}, {\"breakpoint\" : 767,\"settings\" : {\"slidesToShow\" : 1, \"slidesToScroll\" : 1}}] }'>\n\t        \t            <div class=\"timeline-thumb\">\n\t            \t<span class=\"timeline-dot font__secondary\">2009<\/span>\n\t            <\/div>\n\t        \t            <div class=\"timeline-thumb\">\n\t            \t<span class=\"timeline-dot font__secondary\">2010<\/span>\n\t            <\/div>\n\t        \t            <div class=\"timeline-thumb\">\n\t            \t<span class=\"timeline-dot font__secondary\">2012<\/span>\n\t            <\/div>\n\t        \t            <div class=\"timeline-thumb\">\n\t            \t<span class=\"timeline-dot font__secondary\">2014<\/span>\n\t            <\/div>\n\t        \t            <div class=\"timeline-thumb\">\n\t            \t<span class=\"timeline-dot font__secondary\">2016<\/span>\n\t            <\/div>\n\t        \t            <div class=\"timeline-thumb\">\n\t            \t<span class=\"timeline-dot font__secondary\">2017<\/span>\n\t            <\/div>\n\t        \t            <div class=\"timeline-thumb\">\n\t            \t<span class=\"timeline-dot font__secondary\">2020<\/span>\n\t            <\/div>\n\t        \t            <div class=\"timeline-thumb\">\n\t            \t<span class=\"timeline-dot font__secondary\">2021<\/span>\n\t            <\/div>\n\t        \t            <div class=\"timeline-thumb\">\n\t            \t<span class=\"timeline-dot font__secondary\">2022<\/span>\n\t            <\/div>\n\t        \t    <\/div>\n\n\t\t<div class=\"timeline-slider-for haru-slick haru-slick--nav-center haru-slick--nav-opacity\" \n\t    \t\tdata-slick='{\"slidesToShow\" : 4, \"slidesToScroll\" : 1, \"arrows\" : true, \"infinite\" : false, \"centerMode\" : false, \"focusOnSelect\" : true, \"vertical\" : false, \"asNavFor\" : \".timeline-slider-nav\", \"responsive\" : [{\"breakpoint\" : 991,\"settings\" : {\"slidesToShow\" : 2, \"slidesToScroll\" : 1}}, {\"breakpoint\" : 767,\"settings\" : {\"slidesToShow\" : 1, \"slidesToScroll\" : 1}}] }'>\n\t\t\t\t\t\t\t<div class=\"timeline-item\">\n\t\t\t\t\t\t\t\t\t\t\t\t\t\t\t\t\t\t\t<div class=\"timeline-item__image\">\n\t\t\t\t\t\t\t\t\t<img decoding=\"async\" src=\"https:\/\/composite-media-gbr.de\/wp-content\/uploads\/2023\/01\/about_timeline_founding.jpg\" alt=\"\">\n\t\t\t\t\t\t\t\t<\/div>\n\t\t\t\t\t\t\t\t\t\t\t\t\t\t\t\t<div class=\"timeline-item__content\">\n\t\t\t\t\t\t<h6 class=\"timeline-item__title\">\n\t\t\t\t\t\t\t\t\t\t\t\t\t\tGr\u00fcndung\t\t\t\t\t\t\t\t\t\t\t\t\t<\/h6>\n\t\t\t\t\t\t\n\t\t\t\t\t\t\t\t\t\t\t\t<div class=\"timeline-item__description\">Nachdem wir den Abiball des TG Schw\u00e4bisch Gm\u00fcnd mit vier Kameras filmten, kam uns die Idee, \u00e4hnliche Projekte auch weiterhin neben dem Studium zu machen. Damit alles seine Ordnung hat, fanden wir uns einige Tage sp\u00e4ter auf dem Amt wieder, um als Composite Media GbR Gewerbe anzumelden. <\/div>\n\t\t\t\t\t\t\t\t\t\t\t<\/div>\n\t\t\t\t<\/div>\n\t\t\t\t\t\t\t<div class=\"timeline-item\">\n\t\t\t\t\t\t\t\t\t\t\t\t\t\t\t\t\t\t\t<div class=\"timeline-item__image\">\n\t\t\t\t\t\t\t\t\t<img decoding=\"async\" src=\"https:\/\/composite-media-gbr.de\/wp-content\/uploads\/2023\/01\/about_timeline_first_jobs.jpg\" alt=\"\">\n\t\t\t\t\t\t\t\t<\/div>\n\t\t\t\t\t\t\t\t\t\t\t\t\t\t\t\t<div class=\"timeline-item__content\">\n\t\t\t\t\t\t<h6 class=\"timeline-item__title\">\n\t\t\t\t\t\t\t\t\t\t\t\t\t\tAbib\u00e4lle, Bandauftritte, Hochzeitsvideos\t\t\t\t\t\t\t\t\t\t\t\t\t<\/h6>\n\t\t\t\t\t\t\n\t\t\t\t\t\t\t\t\t\t\t\t<div class=\"timeline-item__description\">Erstmal machten wir neben unserem Studium zahlreiche Mehrkameraaufnahmen von Abschlussfeiern, Bandauftritten und Hochzeiten und gewannen wir immer mehr Freude an der Arbeit. Bald kamen auch weitere Videoprojekte und zwei Kinowerbespots dazu.<\/div>\n\t\t\t\t\t\t\t\t\t\t\t<\/div>\n\t\t\t\t<\/div>\n\t\t\t\t\t\t\t<div class=\"timeline-item\">\n\t\t\t\t\t\t\t\t\t\t\t\t\t\t\t\t\t\t\t<div class=\"timeline-item__image\">\n\t\t\t\t\t\t\t\t\t<img decoding=\"async\" src=\"https:\/\/composite-media-gbr.de\/wp-content\/uploads\/2023\/01\/about_timeline_vfx_remember.jpg\" alt=\"\">\n\t\t\t\t\t\t\t\t<\/div>\n\t\t\t\t\t\t\t\t\t\t\t\t\t\t\t\t<div class=\"timeline-item__content\">\n\t\t\t\t\t\t<h6 class=\"timeline-item__title\">\n\t\t\t\t\t\t\t\t\t\t\t\t\t\tUnser erstes Spielfilm-VFX-Projekt: Remember\t\t\t\t\t\t\t\t\t\t\t\t\t<\/h6>\n\t\t\t\t\t\t\n\t\t\t\t\t\t\t\t\t\t\t\t<div class=\"timeline-item__description\">Im Jahr 2012 hatten wir unser allererstes VFX-Projekt, zu dem wir drei Shots beitragen durften: \"Remember\", ein kanadischer christlicher Independent-Film. Bereits hier wurde unser Interesse f\u00fcr die Visual-Effects-Arbeit geweckt.<\/div>\n\t\t\t\t\t\t\t\t\t\t\t<\/div>\n\t\t\t\t<\/div>\n\t\t\t\t\t\t\t<div class=\"timeline-item\">\n\t\t\t\t\t\t\t\t\t\t\t\t\t\t\t\t\t\t\t<div class=\"timeline-item__image\">\n\t\t\t\t\t\t\t\t\t<img decoding=\"async\" src=\"https:\/\/composite-media-gbr.de\/wp-content\/uploads\/2023\/01\/about_timeline_vfx_btm.jpg\" alt=\"\">\n\t\t\t\t\t\t\t\t<\/div>\n\t\t\t\t\t\t\t\t\t\t\t\t\t\t\t\t<div class=\"timeline-item__content\">\n\t\t\t\t\t\t<h6 class=\"timeline-item__title\">\n\t\t\t\t\t\t\t\t\t\t\t\t\t\tGro\u00dfes Projekt, gro\u00dfes Team: Beyond the Mask\t\t\t\t\t\t\t\t\t\t\t\t\t<\/h6>\n\t\t\t\t\t\t\n\t\t\t\t\t\t\t\t\t\t\t\t<div class=\"timeline-item__description\">Das bislang gr\u00f6\u00dfte Visual Effects Projekt: Beyond the Mask. Ein US-amerikanischer, christlicher Abenteuerfilm, wo wir Teil eines gro\u00dfen Teams aus zahlreichen VFX-K\u00fcnstlern aus den USA, Kanada, Europa und Asien waren. Wir konnten hier knapp \u00fcber 30 Shots zu den insgesamt rund 700 Shots beitragen.<\/div>\n\t\t\t\t\t\t\t\t\t\t\t<\/div>\n\t\t\t\t<\/div>\n\t\t\t\t\t\t\t<div class=\"timeline-item\">\n\t\t\t\t\t\t\t\t\t\t\t\t\t\t\t\t\t\t\t<div class=\"timeline-item__image\">\n\t\t\t\t\t\t\t\t\t<img decoding=\"async\" src=\"https:\/\/composite-media-gbr.de\/wp-content\/uploads\/2023\/01\/about_timeline_vfx_woodlawn.jpg\" alt=\"\">\n\t\t\t\t\t\t\t\t<\/div>\n\t\t\t\t\t\t\t\t\t\t\t\t\t\t\t\t<div class=\"timeline-item__content\">\n\t\t\t\t\t\t<h6 class=\"timeline-item__title\">\n\t\t\t\t\t\t\t\t\t\t\t\t\t\tWoodlawn\t\t\t\t\t\t\t\t\t\t\t\t\t<\/h6>\n\t\t\t\t\t\t\n\t\t\t\t\t\t\t\t\t\t\t\t<div class=\"timeline-item__description\">Woodlawn war nach Beyond the Mask das n\u00e4chste Visual Effects Projekt und auch bis heute eines unserer Lieblingsprojekte. Ein gigantischer Film, der eine wahre Geschichte \u00fcber Rassismus, Liebe, Vergebung und Erweckung an einer Highschool in den 70er Jahren in Alabama erz\u00e4hlt. Hier trugen wir rund 10 Shots bei.<\/div>\n\t\t\t\t\t\t\t\t\t\t\t<\/div>\n\t\t\t\t<\/div>\n\t\t\t\t\t\t\t<div class=\"timeline-item\">\n\t\t\t\t\t\t\t\t\t\t\t\t\t\t\t\t\t\t\t<div class=\"timeline-item__image\">\n\t\t\t\t\t\t\t\t\t<img decoding=\"async\" src=\"https:\/\/composite-media-gbr.de\/wp-content\/uploads\/2023\/01\/blog_cover_vfx_kdmh2.jpg\" alt=\"\">\n\t\t\t\t\t\t\t\t<\/div>\n\t\t\t\t\t\t\t\t\t\t\t\t\t\t\t\t<div class=\"timeline-item__content\">\n\t\t\t\t\t\t<h6 class=\"timeline-item__title\">\n\t\t\t\t\t\t\t\t\t\t\t\t\t\tKannst Du mich h\u00f6ren?\t\t\t\t\t\t\t\t\t\t\t\t\t<\/h6>\n\t\t\t\t\t\t\n\t\t\t\t\t\t\t\t\t\t\t\t<div class=\"timeline-item__description\">Ein weiterer Meilenstein f\u00fcr uns war die VFX-Arbeit f\u00fcr den christlichen Kurzfilm \/ das Musikvideo \"Kannst du mich h\u00f6ren?\" von Mannaplace. Denn hier waren wir erstmals komplett f\u00fcr die Planung, Supervision und Umsetzung der Visual Effects verantwortlich. Die zahlreichen aufw\u00e4ndigen CG-Shots und einige 2D-Compositings bescherten uns aber auch viele anstrengende Nachtschichten.<\/div>\n\t\t\t\t\t\t\t\t\t\t\t<\/div>\n\t\t\t\t<\/div>\n\t\t\t\t\t\t\t<div class=\"timeline-item\">\n\t\t\t\t\t\t\t\t\t\t\t\t\t\t\t\t\t\t\t<div class=\"timeline-item__image\">\n\t\t\t\t\t\t\t\t\t<img decoding=\"async\" src=\"https:\/\/composite-media-gbr.de\/wp-content\/uploads\/2023\/01\/blog_cover_vfx_isb.jpg\" alt=\"\">\n\t\t\t\t\t\t\t\t<\/div>\n\t\t\t\t\t\t\t\t\t\t\t\t\t\t\t\t<div class=\"timeline-item__content\">\n\t\t\t\t\t\t<h6 class=\"timeline-item__title\">\n\t\t\t\t\t\t\t\t\t\t\t\t\t\tI Still Believe\t\t\t\t\t\t\t\t\t\t\t\t\t<\/h6>\n\t\t\t\t\t\t\n\t\t\t\t\t\t\t\t\t\t\t\t<div class=\"timeline-item__description\">Mit \"I Still Believe\" durften wir zum ersten mal VFX Shots zu einem Kinofilm beitragen, der nicht nur in den USA, sondern auch in Deutschland in den Kinos zu sehen war. Hierbei arbeiteten wir am Compositing f\u00fcr drei Autoshots, die vor Bluescreen gedreht wurden.<\/div>\n\t\t\t\t\t\t\t\t\t\t\t<\/div>\n\t\t\t\t<\/div>\n\t\t\t\t\t\t\t<div class=\"timeline-item\">\n\t\t\t\t\t\t\t\t\t\t\t\t\t\t\t\t\t\t\t<div class=\"timeline-item__image\">\n\t\t\t\t\t\t\t\t\t<img decoding=\"async\" src=\"https:\/\/composite-media-gbr.de\/wp-content\/uploads\/2023\/01\/about_timeline_new_studio.jpg\" alt=\"\">\n\t\t\t\t\t\t\t\t<\/div>\n\t\t\t\t\t\t\t\t\t\t\t\t\t\t\t\t<div class=\"timeline-item__content\">\n\t\t\t\t\t\t<h6 class=\"timeline-item__title\">\n\t\t\t\t\t\t\t\t\t\t\t\t\t\tDas neue Studio geht in Betrieb\t\t\t\t\t\t\t\t\t\t\t\t\t<\/h6>\n\t\t\t\t\t\t\n\t\t\t\t\t\t\t\t\t\t\t\t<div class=\"timeline-item__description\">Nach langer Zeit des Arbeitsplatz-Nomadentums stellten wir 2021 endlich unser neues Studio (fast) fertig. Viele Arbeitsstunden flossen in die Kreativh\u00f6hle unserer Tr\u00e4ume. Endlich haben wir wieder ein festes ein Zuhause, in dem man sofort mit der kreativen Arbeit loslegen kann. Zwei High-End-Workstations, zentraler 24 TB Speicher mit 10Gigabit-Netzwerk, Akustik-Kinoleinwand und 4K-Projektor, Surround Audio Monitoring, Voll-Automatisiert und eine gem\u00fctliche Kaffeecke mit Popcornmaschine.<\/div>\n\t\t\t\t\t\t\t\t\t\t\t<\/div>\n\t\t\t\t<\/div>\n\t\t\t\t\t\t\t<div class=\"timeline-item\">\n\t\t\t\t\t\t\t\t\t\t\t\t\t\t\t\t\t\t\t<div class=\"timeline-item__image\">\n\t\t\t\t\t\t\t\t\t<img decoding=\"async\" src=\"https:\/\/composite-media-gbr.de\/wp-content\/uploads\/2023\/02\/about_timeline_lp_whp.png\" alt=\"\">\n\t\t\t\t\t\t\t\t<\/div>\n\t\t\t\t\t\t\t\t\t\t\t\t\t\t\t\t<div class=\"timeline-item__content\">\n\t\t\t\t\t\t<h6 class=\"timeline-item__title\">\n\t\t\t\t\t\t\t\t\t\t\t\t\t\tLegacy Peak &amp; Wholehearted Pictures\t\t\t\t\t\t\t\t\t\t\t\t\t<\/h6>\n\t\t\t\t\t\t\n\t\t\t\t\t\t\t\t\t\t\t\t<div class=\"timeline-item__description\">Ein neues Visual Effects Projekt tat sich 2022 auf, der Affirm Originals \/ PureFlix Film: \"Legacy Peak\". Aber auch eine neue Geburtsstunde gab es im Jahr 2022: F\u00fcr die Umsetzung unseres ersten eigenen (christlichen und gemeinn\u00fctzigen) Kurzfilms \"[W]holehearted\" gr\u00fcndeten wir (also Stefan, Korni und seine Frau Tabea) gemeinsam mit weiteren Supportern den gemeinn\u00fctzigen Verein \"Wholehearted Pictures e.V.\". Derzeit l\u00e4uft die Finanzierung des Filmprojekts.<\/div>\n\t\t\t\t\t\t\t\t\t\t\t<\/div>\n\t\t\t\t<\/div>\n\t\t\t\t\t<\/div>\n\t\t\t            <\/div>\n            \n    \t\t\t\t\t\t<\/div>\n\t\t\t\t<\/div>\n\t\t\t\t\t<\/div>\n\t\t<\/div>\n\t\t\t\t\t<\/div>\n\t\t<\/section>\n\t\t\t\t<\/div>\n\t\t","protected":false},"excerpt":{"rendered":"<p>Lass uns zusammen gro\u00dfes Kino machen! Wir sind ein kleines, kreatives Film- und Multimedia-Studio in Schw\u00e4bisch Gm\u00fcnd, Deutschland. Seit unserer Gr\u00fcndung im Jahr 2009 bieten wir in vielen Bereichen rund um Video- &amp; Filmproduktion, Postproduktion, Werbung, Visual Effects und Multimediaproduktion unsere Dienstleistungen an. Wir haben unglaublich viel Spa\u00df und Freude daran, beeindruckende Bildern, gro\u00dfe Geschichten, [&hellip;]<\/p>\n","protected":false},"author":1,"featured_media":0,"parent":0,"menu_order":0,"comment_status":"closed","ping_status":"closed","template":"","meta":{"footnotes":""},"class_list":["post-5909","page","type-page","status-publish","hentry"],"_links":{"self":[{"href":"https:\/\/composite-media-gbr.de\/en\/wp-json\/wp\/v2\/pages\/5909","targetHints":{"allow":["GET"]}}],"collection":[{"href":"https:\/\/composite-media-gbr.de\/en\/wp-json\/wp\/v2\/pages"}],"about":[{"href":"https:\/\/composite-media-gbr.de\/en\/wp-json\/wp\/v2\/types\/page"}],"author":[{"embeddable":true,"href":"https:\/\/composite-media-gbr.de\/en\/wp-json\/wp\/v2\/users\/1"}],"replies":[{"embeddable":true,"href":"https:\/\/composite-media-gbr.de\/en\/wp-json\/wp\/v2\/comments?post=5909"}],"version-history":[{"count":10,"href":"https:\/\/composite-media-gbr.de\/en\/wp-json\/wp\/v2\/pages\/5909\/revisions"}],"predecessor-version":[{"id":26995,"href":"https:\/\/composite-media-gbr.de\/en\/wp-json\/wp\/v2\/pages\/5909\/revisions\/26995"}],"wp:attachment":[{"href":"https:\/\/composite-media-gbr.de\/en\/wp-json\/wp\/v2\/media?parent=5909"}],"curies":[{"name":"wp","href":"https:\/\/api.w.org\/{rel}","templated":true}]}}